{"id":557,"date":"2021-02-23T17:17:47","date_gmt":"2021-02-23T16:17:47","guid":{"rendered":"http:\/\/annaig-lemeur.bzh\/?page_id=557"},"modified":"2021-04-12T12:19:26","modified_gmt":"2021-04-12T10:19:26","slug":"covid-19","status":"publish","type":"page","link":"https:\/\/annaig-lemeur.bzh\/?page_id=557","title":{"rendered":"COVID-19"},"content":{"rendered":"\n<div class=\"is-layout-flex wp-container-4 wp-block-columns\">\n<div class=\"is-layout-flow wp-block-column\" style=\"flex-basis:66.66%\">\n<p class=\"has-white-color has-luminous-vivid-orange-background-color has-text-color has-background\"><strong>Coronavirus : l&#8217;actualit\u00e9 sanitaire pr\u00e8s de chez vous<\/strong><\/p>\n\n\n\n<p>L&#8217;ARS Bretagne, le Minist\u00e8re des solidarit\u00e9s et de la sant\u00e9 ainsi que Sant\u00e9 Publique France vous tiennent inform\u00e9s et mettent \u00e0 jour r\u00e9guli\u00e8rement les informations pour vous permettre de suivre l&#8217;\u00e9volution de la situation et d\u00e9livrer les informations pratiques \u00e0 destination des professionnels de sant\u00e9 et de la population.<br><a href=\"https:\/\/www.bretagne.ars.sante.fr\/coronavirus-actualite-et-conduite-tenir-8\">Rendez-vous sur le site de l&#8217;ARS Bretagne.<\/a><\/p>\n\n\n\n<figure class=\"wp-block-image size-large\"><a href=\"https:\/\/www.bretagne.ars.sante.fr\/coronavirus-actualite-et-conduite-tenir-8\"><img decoding=\"async\" loading=\"lazy\" width=\"366\" height=\"227\" src=\"https:\/\/i0.wp.com\/annaig-lemeur.bzh\/wp-content\/uploads\/2021\/02\/UNE_point-situation-BZH.jpg?resize=366%2C227\" alt=\"\" class=\"wp-image-562\" srcset=\"https:\/\/i0.wp.com\/annaig-lemeur.bzh\/wp-content\/uploads\/2021\/02\/UNE_point-situation-BZH.jpg?w=366&amp;ssl=1 366w, https:\/\/i0.wp.com\/annaig-lemeur.bzh\/wp-content\/uploads\/2021\/02\/UNE_point-situation-BZH.jpg?resize=300%2C186&amp;ssl=1 300w\" sizes=\"(max-width: 366px) 100vw, 366px\" data-recalc-dims=\"1\" \/><\/a><\/figure>\n\n\n\n<hr class=\"wp-block-separator\"\/>\n\n\n\n<p class=\"has-white-color has-luminous-vivid-orange-background-color has-text-color has-background\"><strong>Les mesures de soutien.<\/strong><\/p>\n\n\n\n<p>Pour vous accompagner dans cette p\u00e9riode, le Gouvernement a mis en place des mesures exceptionnelles de soutien.<br>&gt; <a href=\"https:\/\/www.economie.gouv.fr\/covid19-soutien-entreprises\/les-mesures\">Aides aux entreprises, ind\u00e9pendants et commer\u00e7ants<\/a><br>&gt; <a href=\"https:\/\/www.associations.gouv.fr\/info-coronavirus.html\">Aides aux associations<\/a><\/p>\n\n\n\n<hr class=\"wp-block-separator\"\/>\n\n\n\n<p class=\"has-white-color has-luminous-vivid-orange-background-color has-text-color has-background\"><strong>Le Plan de relance.<\/strong><\/p>\n\n\n\n<p>Affronter la crise c&#8217;est aussi pr\u00e9parer l&#8217;apr\u00e8s. Le gouvernement a lanc\u00e9, le 3 septembre,&nbsp;<strong>un plan de relance historique de 100 milliards d\u2019euros pour redresser l\u2019\u00e9conomie et faire la \u00ab France de demain<\/strong>&nbsp;\u00bb.<br>Un Sous-Pr\u00e9fet d\u00e9di\u00e9 a notamment \u00e9t\u00e9 nomm\u00e9 pour les d\u00e9partements du Finist\u00e8re et des C\u00f4tes d&#8217;Armor<br><br>&gt; <a href=\"https:\/\/www.economie.gouv.fr\/presentation-plan-relance\">D\u00e9couvrir le plan de relance<\/a><br>&gt; <a href=\"https:\/\/www.finistere.gouv.fr\/Actualites\/Plan-de-relance\">Conna\u00eetre les actions men\u00e9es dans le Finist\u00e8re<\/a><\/p>\n\n\n\n<figure class=\"wp-block-image size-large is-resized\"><img decoding=\"async\" loading=\"lazy\" src=\"https:\/\/i0.wp.com\/annaig-lemeur.bzh\/wp-content\/uploads\/2021\/02\/Logo-France-Relance.png?resize=155%2C155\" alt=\"\" class=\"wp-image-563\" width=\"155\" height=\"155\" srcset=\"https:\/\/i0.wp.com\/annaig-lemeur.bzh\/wp-content\/uploads\/2021\/02\/Logo-France-Relance.png?resize=1024%2C1024&amp;ssl=1 1024w, https:\/\/i0.wp.com\/annaig-lemeur.bzh\/wp-content\/uploads\/2021\/02\/Logo-France-Relance.png?resize=300%2C300&amp;ssl=1 300w, https:\/\/i0.wp.com\/annaig-lemeur.bzh\/wp-content\/uploads\/2021\/02\/Logo-France-Relance.png?resize=150%2C150&amp;ssl=1 150w, https:\/\/i0.wp.com\/annaig-lemeur.bzh\/wp-content\/uploads\/2021\/02\/Logo-France-Relance.png?resize=768%2C768&amp;ssl=1 768w, https:\/\/i0.wp.com\/annaig-lemeur.bzh\/wp-content\/uploads\/2021\/02\/Logo-France-Relance.png?resize=100%2C100&amp;ssl=1 100w, https:\/\/i0.wp.com\/annaig-lemeur.bzh\/wp-content\/uploads\/2021\/02\/Logo-France-Relance.png?w=1200&amp;ssl=1 1200w\" sizes=\"(max-width: 155px) 100vw, 155px\" data-recalc-dims=\"1\" \/><\/figure>\n<\/div>\n\n\n\n<div class=\"is-layout-flow wp-block-column\" style=\"flex-basis:33.33%\"><form role=\"search\" method=\"get\" action=\"https:\/\/annaig-lemeur.bzh\/\" class=\"wp-block-search__button-outside wp-block-search__text-button wp-block-search\"><label for=\"wp-block-search__input-2\" class=\"wp-block-search__label\" >Rechercher<\/label><div class=\"wp-block-search__inside-wrapper \" ><input type=\"search\" id=\"wp-block-search__input-2\" class=\"wp-block-search__input wp-block-search__input\" name=\"s\" value=\"\" placeholder=\"\"  required \/><button type=\"submit\" class=\"wp-block-search__button wp-element-button\"  >Rechercher<\/button><\/div><\/form>\n\n\n<div style=\"height:23px\" aria-hidden=\"true\" class=\"wp-block-spacer\"><\/div>\n\n\n\n<hr class=\"wp-block-separator\"\/>\n\n\n\n<p><strong>Infos pratiques<\/strong><br>> <a href=\"https:\/\/solidarites-sante.gouv.fr\/soins-et-maladies\/maladies\/maladies-infectieuses\/coronavirus\/tousanticovid\">TousAntiCovid<\/a>, une appli pour lutter contre l&#8217;\u00e9pid\u00e9mie.<br>> <a href=\"https:\/\/media.interieur.gouv.fr\/attestation-deplacement-derogatoire-covid-19\/\">T\u00e9l\u00e9charger l&#8217;attestation d\u00e9rogatoire de d\u00e9placements<\/a> pendant le couvre-feu<br>> FAQ : <a href=\"https:\/\/www.gouvernement.fr\/info-coronavirus\">questions\/r\u00e9ponses sur le COVID-19<\/a><\/p>\n\n\n\n<div style=\"height:18px\" aria-hidden=\"true\" class=\"wp-block-spacer\"><\/div>\n\n\n\n<hr class=\"wp-block-separator\"\/>\n\n\n\n<p><strong>En savoir +<\/strong><br>&gt; <a href=\"https:\/\/www.education.gouv.fr\/covid19-ouverture-des-ecoles-modalites-pratiques-et-protocole-sanitaire-305467\">\u00e0 l&#8217;\u00e9cole<\/a><br>&gt; <a href=\"https:\/\/travail-emploi.gouv.fr\/le-ministere-en-action\/coronavirus-covid-19\/\">au travail<\/a><\/p>\n\n\n\n<div style=\"height:11px\" aria-hidden=\"true\" class=\"wp-block-spacer\"><\/div>\n\n\n\n<hr class=\"wp-block-separator\"\/>\n\n\n\n<p><strong>Liens utiles<\/strong><br>&gt; <a href=\"https:\/\/www.bretagne.ars.sante.fr\/\">ARS Bretagne<\/a><br>&gt; <a href=\"https:\/\/www.santepubliquefrance.fr\/\">Sant\u00e9 publique France<\/a><br>&gt; <a href=\"https:\/\/www.finistere.gouv.fr\/\">Pr\u00e9fecture du Finist\u00e8re<\/a><\/p>\n\n\n\n<div style=\"height:31px\" aria-hidden=\"true\" class=\"wp-block-spacer\"><\/div>\n\n\n\n<hr class=\"wp-block-separator\"\/>\n\n\n\n<figure class=\"wp-block-image size-large\"><img decoding=\"async\" loading=\"lazy\" width=\"525\" height=\"787\" src=\"https:\/\/i0.wp.com\/annaig-lemeur.bzh\/wp-content\/uploads\/2021\/02\/coronavirus_400x600_ech_1_option1_003_-scaled-1.jpg?resize=525%2C787\" alt=\"\" class=\"wp-image-567\" srcset=\"https:\/\/i0.wp.com\/annaig-lemeur.bzh\/wp-content\/uploads\/2021\/02\/coronavirus_400x600_ech_1_option1_003_-scaled-1.jpg?resize=683%2C1024&amp;ssl=1 683w, https:\/\/i0.wp.com\/annaig-lemeur.bzh\/wp-content\/uploads\/2021\/02\/coronavirus_400x600_ech_1_option1_003_-scaled-1.jpg?resize=200%2C300&amp;ssl=1 200w, https:\/\/i0.wp.com\/annaig-lemeur.bzh\/wp-content\/uploads\/2021\/02\/coronavirus_400x600_ech_1_option1_003_-scaled-1.jpg?resize=768%2C1152&amp;ssl=1 768w, https:\/\/i0.wp.com\/annaig-lemeur.bzh\/wp-content\/uploads\/2021\/02\/coronavirus_400x600_ech_1_option1_003_-scaled-1.jpg?resize=1024%2C1536&amp;ssl=1 1024w, https:\/\/i0.wp.com\/annaig-lemeur.bzh\/wp-content\/uploads\/2021\/02\/coronavirus_400x600_ech_1_option1_003_-scaled-1.jpg?resize=1366%2C2048&amp;ssl=1 1366w, https:\/\/i0.wp.com\/annaig-lemeur.bzh\/wp-content\/uploads\/2021\/02\/coronavirus_400x600_ech_1_option1_003_-scaled-1.jpg?w=1707&amp;ssl=1 1707w, https:\/\/i0.wp.com\/annaig-lemeur.bzh\/wp-content\/uploads\/2021\/02\/coronavirus_400x600_ech_1_option1_003_-scaled-1.jpg?w=1575 1575w\" sizes=\"(max-width: 525px) 100vw, 525px\" data-recalc-dims=\"1\" \/><\/figure>\n<\/div>\n<\/div>\n\n\n\n<figure class=\"wp-block-image size-large\"><img decoding=\"async\" loading=\"lazy\" width=\"525\" height=\"368\" src=\"https:\/\/i0.wp.com\/annaig-lemeur.bzh\/wp-content\/uploads\/2021\/02\/Infographie-France-Relance.png?resize=525%2C368\" alt=\"\" class=\"wp-image-564\" srcset=\"https:\/\/i0.wp.com\/annaig-lemeur.bzh\/wp-content\/uploads\/2021\/02\/Infographie-France-Relance.png?w=960&amp;ssl=1 960w, https:\/\/i0.wp.com\/annaig-lemeur.bzh\/wp-content\/uploads\/2021\/02\/Infographie-France-Relance.png?resize=300%2C210&amp;ssl=1 300w, https:\/\/i0.wp.com\/annaig-lemeur.bzh\/wp-content\/uploads\/2021\/02\/Infographie-France-Relance.png?resize=768%2C538&amp;ssl=1 768w\" sizes=\"(max-width: 767px) 89vw, (max-width: 1000px) 54vw, (max-width: 1071px) 543px, 580px\" data-recalc-dims=\"1\" \/><\/figure>\n\n\n\n<p><\/p>\n","protected":false},"excerpt":{"rendered":"<p>Coronavirus : l&#8217;actualit\u00e9 sanitaire pr\u00e8s de chez vous L&#8217;ARS Bretagne, le Minist\u00e8re des solidarit\u00e9s et de la sant\u00e9 ainsi que Sant\u00e9 Publique France vous tiennent inform\u00e9s et mettent \u00e0 jour r\u00e9guli\u00e8rement les informations pour vous permettre de suivre l&#8217;\u00e9volution de la situation et d\u00e9livrer les informations pratiques \u00e0 destination des professionnels de sant\u00e9 et de &hellip; <\/p>\n<p class=\"link-more\"><a href=\"https:\/\/annaig-lemeur.bzh\/?page_id=557\" class=\"more-link\">Continue reading<span class=\"screen-reader-text\"> &#8220;COVID-19&#8221;<\/span><\/a><\/p>\n","protected":false},"author":1,"featured_media":0,"parent":0,"menu_order":0,"comment_status":"closed","ping_status":"closed","template":"","meta":[],"_links":{"self":[{"href":"https:\/\/annaig-lemeur.bzh\/index.php?rest_route=\/wp\/v2\/pages\/557"}],"collection":[{"href":"https:\/\/annaig-lemeur.bzh\/index.php?rest_route=\/wp\/v2\/pages"}],"about":[{"href":"https:\/\/annaig-lemeur.bzh\/index.php?rest_route=\/wp\/v2\/types\/page"}],"author":[{"embeddable":true,"href":"https:\/\/annaig-lemeur.bzh\/index.php?rest_route=\/wp\/v2\/users\/1"}],"replies":[{"embeddable":true,"href":"https:\/\/annaig-lemeur.bzh\/index.php?rest_route=%2Fwp%2Fv2%2Fcomments&post=557"}],"version-history":[{"count":7,"href":"https:\/\/annaig-lemeur.bzh\/index.php?rest_route=\/wp\/v2\/pages\/557\/revisions"}],"predecessor-version":[{"id":958,"href":"https:\/\/annaig-lemeur.bzh\/index.php?rest_route=\/wp\/v2\/pages\/557\/revisions\/958"}],"wp:attachment":[{"href":"https:\/\/annaig-lemeur.bzh\/index.php?rest_route=%2Fwp%2Fv2%2Fmedia&parent=557"}],"curies":[{"name":"wp","href":"https:\/\/api.w.org\/{rel}","templated":true}]}}